{"id":102,"date":"2022-04-14T14:17:15","date_gmt":"2022-04-14T12:17:15","guid":{"rendered":"http:\/\/hausarzt-hayen.de\/?page_id=102"},"modified":"2022-08-25T22:10:05","modified_gmt":"2022-08-25T20:10:05","slug":"kontakt","status":"publish","type":"page","link":"https:\/\/hausarzt-hayen.de\/index.php\/kontakt\/","title":{"rendered":"Kontakt"},"content":{"rendered":"\n<div class=\"wp-block-columns colored-block is-layout-flex wp-container-core-columns-layout-1 wp-block-columns-is-layout-flex\">\n<div class=\"wp-block-column is-layout-flow wp-block-column-is-layout-flow\" style=\"flex-basis:50%\">\n<figure class=\"wp-block-image size-large nomargin\"><img loading=\"lazy\" decoding=\"async\" width=\"1024\" height=\"683\" src=\"https:\/\/hausarzt-hayen.de\/wp-content\/uploads\/2022\/08\/05-01-praxis-fotos-kontakt-1024x683.jpg\" alt=\"\" class=\"wp-image-452\" srcset=\"https:\/\/hausarzt-hayen.de\/wp-content\/uploads\/2022\/08\/05-01-praxis-fotos-kontakt-1024x683.jpg 1024w, https:\/\/hausarzt-hayen.de\/wp-content\/uploads\/2022\/08\/05-01-praxis-fotos-kontakt-300x200.jpg 300w, https:\/\/hausarzt-hayen.de\/wp-content\/uploads\/2022\/08\/05-01-praxis-fotos-kontakt-768x512.jpg 768w, https:\/\/hausarzt-hayen.de\/wp-content\/uploads\/2022\/08\/05-01-praxis-fotos-kontakt-1536x1024.jpg 1536w, https:\/\/hausarzt-hayen.de\/wp-content\/uploads\/2022\/08\/05-01-praxis-fotos-kontakt-2048x1365.jpg 2048w, https:\/\/hausarzt-hayen.de\/wp-content\/uploads\/2022\/08\/05-01-praxis-fotos-kontakt-1200x800.jpg 1200w, https:\/\/hausarzt-hayen.de\/wp-content\/uploads\/2022\/08\/05-01-praxis-fotos-kontakt-1980x1320.jpg 1980w\" sizes=\"(max-width: 1024px) 100vw, 1024px\" \/><\/figure>\n<\/div>\n\n\n\n<div class=\"wp-block-column is-vertically-aligned-center is-layout-flow wp-block-column-is-layout-flow\" style=\"flex-basis:60%\"><table>\r\n\t<caption>Adresse<\/caption>\r\n\t<tr>\r\n\t\t<td>Praxis Hayen<\/td>\r\n\t<\/tr>\r\n\t<tr>\r\n\t\t<td>Bahnhofstra\u00dfe 9<\/td>\r\n\t<\/tr>\r\n\t<tr>\r\n\t\t<td>27211 Bassum<\/td>\r\n\t<\/tr>\r\n<\/table>\n<\/div>\n<\/div>\n\n\n\n<div class=\"wp-block-group colored-block is-layout-flow wp-block-group-is-layout-flow\"><div class=\"wp-block-group__inner-container\"><table>\r\n\t<caption>Sprechzeiten<\/caption>\r\n\t<tr>\r\n\t\t<td class=\"full-text\">Montag<\/td>\r\n\t\t<td class=\"abbreviation\">Mo<\/td>\r\n\t\t<td>08:30\u201312:30, 14:00\u201317:00<\/td>\r\n\t<\/tr>\r\n\t<tr>\r\n\t\t<td class=\"full-text\">Dienstag<\/td>\r\n\t\t<td class=\"abbreviation\">Di<\/td>\r\n\t\t<td>08:30\u201312:30, 16:00\u201319:00<\/td>\r\n\t<\/tr>\r\n\t<tr>\r\n\t\t<td class=\"full-text\">Mittwoch<\/td>\r\n\t\t<td class=\"abbreviation\">Mi<\/td>\r\n\t\t<td>08:30\u201312:30<\/td>\r\n\t<\/tr>\r\n\t<tr>\r\n\t\t<td class=\"full-text\">Donnerstag<\/td>\r\n\t\t<td class=\"abbreviation\">Do<\/td>\r\n\t\t<td>08:30\u201312:30<\/td>\r\n\t<\/tr>\r\n\t<tr>\r\n\t\t<td class=\"full-text\">Freitag<\/td>\r\n\t\t<td class=\"abbreviation\">Fr<\/td>\r\n\t\t<td>08:30\u201312:30<\/td>\r\n\t<\/tr>\r\n<\/table>\n\n\n\n<p><strong>Bitte wenden Sie sich au\u00dferhalb der Sprechzeiten an den Kassen\u00e4rztlichen Bereitschaftsdienst unter der Telefonnummer 116117 oder in Notf\u00e4llen direkt an die 112.<\/strong><\/p>\n<\/div><\/div>\n\n\n\n<div class=\"wp-block-group colored-block is-layout-flow wp-block-group-is-layout-flow\"><div class=\"wp-block-group__inner-container\"><table>\r\n\t<caption>Kontakt<\/caption>\r\n\t<tr>\r\n\t\t<td class=\"full-text\">Telefon<\/td>\r\n                <td class=\"abbreviation\">Tel.<\/td>\r\n\t\t<td>04241 9229099<\/td>\r\n\t<\/tr>\r\n\t<tr>\r\n\t\t<td>Fax<\/td>\r\n\t\t<td>04241 9229100<\/td>\r\n\t<\/tr>\r\n\t<tr>\r\n\t\t<td>E-Mail<\/td>\r\n\t\t<td>praxis-hayen@t-online.de<\/td>\r\n\t<\/tr>\r\n<\/table>\n<\/div><\/div>\n","protected":false},"excerpt":{"rendered":"<p>Bitte wenden Sie sich au\u00dferhalb der Sprechzeiten an den Kassen\u00e4rztlichen Bereitschaftsdienst unter der Telefonnummer 116117 oder in Notf\u00e4llen direkt an die 112.<\/p>\n","protected":false},"author":1,"featured_media":0,"parent":0,"menu_order":0,"comment_status":"closed","ping_status":"closed","template":"","meta":{"footnotes":""},"yoast_head":"<!-- This site is optimized with the Yoast SEO plugin v23.5 - https:\/\/yoast.com\/wordpress\/plugins\/seo\/ -->\n<title>Kontakt | Praxis Hayen<\/title>\n<meta name=\"description\" content=\"Praxis Hayen \u2013 Internistische Hausarztpraxis in Bassum | Bernd Hayen, Facharzt f\u00fcr Innere Medizin | Haus\u00e4rztliche Versorgung Bassum | Telefon 04241 9229099\" \/>\n<meta name=\"robots\" content=\"index, follow, max-snippet:-1, max-image-preview:large, max-video-preview:-1\" \/>\n<link rel=\"canonical\" href=\"https:\/\/hausarzt-hayen.de\/index.php\/kontakt\/\" \/>\n<meta property=\"og:locale\" content=\"de_DE\" \/>\n<meta property=\"og:type\" content=\"article\" \/>\n<meta property=\"og:title\" content=\"Kontakt | Praxis Hayen\" \/>\n<meta property=\"og:description\" content=\"Praxis Hayen \u2013 Internistische Hausarztpraxis in Bassum | Bernd Hayen, Facharzt f\u00fcr Innere Medizin | Haus\u00e4rztliche Versorgung Bassum | Telefon 04241 9229099\" \/>\n<meta property=\"og:url\" content=\"https:\/\/hausarzt-hayen.de\/index.php\/kontakt\/\" \/>\n<meta property=\"og:site_name\" content=\"Praxis Hayen\" \/>\n<meta property=\"article:modified_time\" content=\"2022-08-25T20:10:05+00:00\" \/>\n<meta property=\"og:image\" content=\"http:\/\/hausarzt-hayen.de\/wp-content\/uploads\/2022\/08\/05-01-praxis-fotos-kontakt-1024x683.jpg\" \/>\n<meta name=\"twitter:card\" content=\"summary_large_image\" \/>\n<script type=\"application\/ld+json\" class=\"yoast-schema-graph\">{\"@context\":\"https:\/\/schema.org\",\"@graph\":[{\"@type\":\"WebPage\",\"@id\":\"https:\/\/hausarzt-hayen.de\/index.php\/kontakt\/\",\"url\":\"https:\/\/hausarzt-hayen.de\/index.php\/kontakt\/\",\"name\":\"Kontakt | Praxis Hayen\",\"isPartOf\":{\"@id\":\"https:\/\/hausarzt-hayen.de\/#website\"},\"primaryImageOfPage\":{\"@id\":\"https:\/\/hausarzt-hayen.de\/index.php\/kontakt\/#primaryimage\"},\"image\":{\"@id\":\"https:\/\/hausarzt-hayen.de\/index.php\/kontakt\/#primaryimage\"},\"thumbnailUrl\":\"http:\/\/hausarzt-hayen.de\/wp-content\/uploads\/2022\/08\/05-01-praxis-fotos-kontakt-1024x683.jpg\",\"datePublished\":\"2022-04-14T12:17:15+00:00\",\"dateModified\":\"2022-08-25T20:10:05+00:00\",\"description\":\"Praxis Hayen \u2013 Internistische Hausarztpraxis in Bassum | Bernd Hayen, Facharzt f\u00fcr Innere Medizin | Haus\u00e4rztliche Versorgung Bassum | Telefon 04241 9229099\",\"breadcrumb\":{\"@id\":\"https:\/\/hausarzt-hayen.de\/index.php\/kontakt\/#breadcrumb\"},\"inLanguage\":\"de-DE\",\"potentialAction\":[{\"@type\":\"ReadAction\",\"target\":[\"https:\/\/hausarzt-hayen.de\/index.php\/kontakt\/\"]}]},{\"@type\":\"ImageObject\",\"inLanguage\":\"de-DE\",\"@id\":\"https:\/\/hausarzt-hayen.de\/index.php\/kontakt\/#primaryimage\",\"url\":\"http:\/\/hausarzt-hayen.de\/wp-content\/uploads\/2022\/08\/05-01-praxis-fotos-kontakt-1024x683.jpg\",\"contentUrl\":\"http:\/\/hausarzt-hayen.de\/wp-content\/uploads\/2022\/08\/05-01-praxis-fotos-kontakt-1024x683.jpg\"},{\"@type\":\"BreadcrumbList\",\"@id\":\"https:\/\/hausarzt-hayen.de\/index.php\/kontakt\/#breadcrumb\",\"itemListElement\":[{\"@type\":\"ListItem\",\"position\":1,\"name\":\"Startseite\",\"item\":\"https:\/\/hausarzt-hayen.de\/\"},{\"@type\":\"ListItem\",\"position\":2,\"name\":\"Kontakt\"}]},{\"@type\":\"WebSite\",\"@id\":\"https:\/\/hausarzt-hayen.de\/#website\",\"url\":\"https:\/\/hausarzt-hayen.de\/\",\"name\":\"Praxis Hayen\",\"description\":\"\",\"publisher\":{\"@id\":\"https:\/\/hausarzt-hayen.de\/#organization\"},\"potentialAction\":[{\"@type\":\"SearchAction\",\"target\":{\"@type\":\"EntryPoint\",\"urlTemplate\":\"https:\/\/hausarzt-hayen.de\/?s={search_term_string}\"},\"query-input\":{\"@type\":\"PropertyValueSpecification\",\"valueRequired\":true,\"valueName\":\"search_term_string\"}}],\"inLanguage\":\"de-DE\"},{\"@type\":\"Organization\",\"@id\":\"https:\/\/hausarzt-hayen.de\/#organization\",\"name\":\"Praxis Hayen\",\"url\":\"https:\/\/hausarzt-hayen.de\/\",\"logo\":{\"@type\":\"ImageObject\",\"inLanguage\":\"de-DE\",\"@id\":\"https:\/\/hausarzt-hayen.de\/#\/schema\/logo\/image\/\",\"url\":\"https:\/\/hausarzt-hayen.de\/wp-content\/uploads\/2022\/04\/Logo-Praxis-Hayen.png\",\"contentUrl\":\"https:\/\/hausarzt-hayen.de\/wp-content\/uploads\/2022\/04\/Logo-Praxis-Hayen.png\",\"width\":3900,\"height\":1250,\"caption\":\"Praxis Hayen\"},\"image\":{\"@id\":\"https:\/\/hausarzt-hayen.de\/#\/schema\/logo\/image\/\"}}]}<\/script>\n<!-- \/ Yoast SEO plugin. -->","yoast_head_json":{"title":"Kontakt | Praxis Hayen","description":"Praxis Hayen \u2013 Internistische Hausarztpraxis in Bassum | Bernd Hayen, Facharzt f\u00fcr Innere Medizin | Haus\u00e4rztliche Versorgung Bassum | Telefon 04241 9229099","robots":{"index":"index","follow":"follow","max-snippet":"max-snippet:-1","max-image-preview":"max-image-preview:large","max-video-preview":"max-video-preview:-1"},"canonical":"https:\/\/hausarzt-hayen.de\/index.php\/kontakt\/","og_locale":"de_DE","og_type":"article","og_title":"Kontakt | Praxis Hayen","og_description":"Praxis Hayen \u2013 Internistische Hausarztpraxis in Bassum | Bernd Hayen, Facharzt f\u00fcr Innere Medizin | Haus\u00e4rztliche Versorgung Bassum | Telefon 04241 9229099","og_url":"https:\/\/hausarzt-hayen.de\/index.php\/kontakt\/","og_site_name":"Praxis Hayen","article_modified_time":"2022-08-25T20:10:05+00:00","og_image":[{"url":"http:\/\/hausarzt-hayen.de\/wp-content\/uploads\/2022\/08\/05-01-praxis-fotos-kontakt-1024x683.jpg"}],"twitter_card":"summary_large_image","schema":{"@context":"https:\/\/schema.org","@graph":[{"@type":"WebPage","@id":"https:\/\/hausarzt-hayen.de\/index.php\/kontakt\/","url":"https:\/\/hausarzt-hayen.de\/index.php\/kontakt\/","name":"Kontakt | Praxis Hayen","isPartOf":{"@id":"https:\/\/hausarzt-hayen.de\/#website"},"primaryImageOfPage":{"@id":"https:\/\/hausarzt-hayen.de\/index.php\/kontakt\/#primaryimage"},"image":{"@id":"https:\/\/hausarzt-hayen.de\/index.php\/kontakt\/#primaryimage"},"thumbnailUrl":"http:\/\/hausarzt-hayen.de\/wp-content\/uploads\/2022\/08\/05-01-praxis-fotos-kontakt-1024x683.jpg","datePublished":"2022-04-14T12:17:15+00:00","dateModified":"2022-08-25T20:10:05+00:00","description":"Praxis Hayen \u2013 Internistische Hausarztpraxis in Bassum | Bernd Hayen, Facharzt f\u00fcr Innere Medizin | Haus\u00e4rztliche Versorgung Bassum | Telefon 04241 9229099","breadcrumb":{"@id":"https:\/\/hausarzt-hayen.de\/index.php\/kontakt\/#breadcrumb"},"inLanguage":"de-DE","potentialAction":[{"@type":"ReadAction","target":["https:\/\/hausarzt-hayen.de\/index.php\/kontakt\/"]}]},{"@type":"ImageObject","inLanguage":"de-DE","@id":"https:\/\/hausarzt-hayen.de\/index.php\/kontakt\/#primaryimage","url":"http:\/\/hausarzt-hayen.de\/wp-content\/uploads\/2022\/08\/05-01-praxis-fotos-kontakt-1024x683.jpg","contentUrl":"http:\/\/hausarzt-hayen.de\/wp-content\/uploads\/2022\/08\/05-01-praxis-fotos-kontakt-1024x683.jpg"},{"@type":"BreadcrumbList","@id":"https:\/\/hausarzt-hayen.de\/index.php\/kontakt\/#breadcrumb","itemListElement":[{"@type":"ListItem","position":1,"name":"Startseite","item":"https:\/\/hausarzt-hayen.de\/"},{"@type":"ListItem","position":2,"name":"Kontakt"}]},{"@type":"WebSite","@id":"https:\/\/hausarzt-hayen.de\/#website","url":"https:\/\/hausarzt-hayen.de\/","name":"Praxis Hayen","description":"","publisher":{"@id":"https:\/\/hausarzt-hayen.de\/#organization"},"potentialAction":[{"@type":"SearchAction","target":{"@type":"EntryPoint","urlTemplate":"https:\/\/hausarzt-hayen.de\/?s={search_term_string}"},"query-input":{"@type":"PropertyValueSpecification","valueRequired":true,"valueName":"search_term_string"}}],"inLanguage":"de-DE"},{"@type":"Organization","@id":"https:\/\/hausarzt-hayen.de\/#organization","name":"Praxis Hayen","url":"https:\/\/hausarzt-hayen.de\/","logo":{"@type":"ImageObject","inLanguage":"de-DE","@id":"https:\/\/hausarzt-hayen.de\/#\/schema\/logo\/image\/","url":"https:\/\/hausarzt-hayen.de\/wp-content\/uploads\/2022\/04\/Logo-Praxis-Hayen.png","contentUrl":"https:\/\/hausarzt-hayen.de\/wp-content\/uploads\/2022\/04\/Logo-Praxis-Hayen.png","width":3900,"height":1250,"caption":"Praxis Hayen"},"image":{"@id":"https:\/\/hausarzt-hayen.de\/#\/schema\/logo\/image\/"}}]}},"_links":{"self":[{"href":"https:\/\/hausarzt-hayen.de\/index.php\/wp-json\/wp\/v2\/pages\/102"}],"collection":[{"href":"https:\/\/hausarzt-hayen.de\/index.php\/wp-json\/wp\/v2\/pages"}],"about":[{"href":"https:\/\/hausarzt-hayen.de\/index.php\/wp-json\/wp\/v2\/types\/page"}],"author":[{"embeddable":true,"href":"https:\/\/hausarzt-hayen.de\/index.php\/wp-json\/wp\/v2\/users\/1"}],"replies":[{"embeddable":true,"href":"https:\/\/hausarzt-hayen.de\/index.php\/wp-json\/wp\/v2\/comments?post=102"}],"version-history":[{"count":40,"href":"https:\/\/hausarzt-hayen.de\/index.php\/wp-json\/wp\/v2\/pages\/102\/revisions"}],"predecessor-version":[{"id":454,"href":"https:\/\/hausarzt-hayen.de\/index.php\/wp-json\/wp\/v2\/pages\/102\/revisions\/454"}],"wp:attachment":[{"href":"https:\/\/hausarzt-hayen.de\/index.php\/wp-json\/wp\/v2\/media?parent=102"}],"curies":[{"name":"wp","href":"https:\/\/api.w.org\/{rel}","templated":true}]}}