{"id":8,"date":"2022-03-22T23:29:46","date_gmt":"2022-03-22T22:29:46","guid":{"rendered":"http:\/\/hausarzt-hayen.de\/?page_id=8"},"modified":"2026-03-30T22:56:32","modified_gmt":"2026-03-30T20:56:32","slug":"start","status":"publish","type":"page","link":"https:\/\/hausarzt-hayen.de\/","title":{"rendered":"Start"},"content":{"rendered":"\n<div class=\"wp-block-group order-banner is-layout-flow wp-block-group-is-layout-flow\"><div class=\"wp-block-group__inner-container\">\n<h2 class=\"wp-block-heading has-text-align-center\">Online-Rezeption<\/h2>\n\n\n\n<p class=\"has-text-align-center\">Nutzen Sie unsere Online-Rezeption, um Rezepte oder \u00dcberweisungen zu bestellen. Sie k\u00f6nnen die Online-Rezeption \u00fcber das Men\u00fc unten rechts \u00f6ffnen.<\/p>\n\n\n\n<div class=\"wp-block-buttons is-horizontal is-content-justification-center is-layout-flex wp-container-core-buttons-layout-1 wp-block-buttons-is-layout-flex\">\n<div class=\"wp-block-button\"><a class=\"wp-block-button__link wp-element-button\">Zur Online-Rezeption<\/a><\/div>\n<\/div>\n<\/div><\/div>\n\n\n\n<div class=\"wp-block-group home-about-group is-layout-flow wp-block-group-is-layout-flow\"><div class=\"wp-block-group__inner-container\"><div class=\"is-style-default wp-block-site-logo\"><img loading=\"lazy\" decoding=\"async\" width=\"380\" height=\"121\" src=\"https:\/\/hausarzt-hayen.de\/wp-content\/uploads\/2022\/04\/Logo-Praxis-Hayen.png\" class=\"custom-logo\" alt=\"Praxis Hayen: Internistische Hausarztpraxis\" srcset=\"https:\/\/hausarzt-hayen.de\/wp-content\/uploads\/2022\/04\/Logo-Praxis-Hayen.png 3900w, https:\/\/hausarzt-hayen.de\/wp-content\/uploads\/2022\/04\/Logo-Praxis-Hayen-300x96.png 300w, https:\/\/hausarzt-hayen.de\/wp-content\/uploads\/2022\/04\/Logo-Praxis-Hayen-1024x328.png 1024w, https:\/\/hausarzt-hayen.de\/wp-content\/uploads\/2022\/04\/Logo-Praxis-Hayen-768x246.png 768w, https:\/\/hausarzt-hayen.de\/wp-content\/uploads\/2022\/04\/Logo-Praxis-Hayen-1536x492.png 1536w, https:\/\/hausarzt-hayen.de\/wp-content\/uploads\/2022\/04\/Logo-Praxis-Hayen-2048x656.png 2048w, https:\/\/hausarzt-hayen.de\/wp-content\/uploads\/2022\/04\/Logo-Praxis-Hayen-1200x385.png 1200w, https:\/\/hausarzt-hayen.de\/wp-content\/uploads\/2022\/04\/Logo-Praxis-Hayen-1980x635.png 1980w\" sizes=\"(max-width: 380px) 100vw, 380px\" \/><\/div>\n\n\n<h2 class=\"wp-block-heading has-text-align-center has-text-color has-large-font-size\" style=\"color:#284474\">Unser Leitbild<\/h2>\n\n\n\n<p class=\"has-text-align-center\">Mit Herz und Verstand haben wir Freude daran, unseren Patienten gerecht zu werden. Egal ob jung oder alt, gleich welcher Identit\u00e4t oder Herkunft: Ihre Gesundheit steht im Zentrum von unserem Interesse. Als Hausarztpraxis haben wir den Anspruch, f\u00fcr Sie der prim\u00e4re Ansprechpartner und koordinierender Lotse in allen gesundheitlichen Fragen zu sein.<\/p>\n\n\n\n<p class=\"has-text-align-center\">Neben dem pers\u00f6nlichen Bezug zum Hausarzt ist uns ein hoher medizinischer Standard wichtig. Wir m\u00f6chten Ihnen zuh\u00f6ren und uns die daf\u00fcr n\u00f6tige Zeit nehmen. Au\u00dferdem sch\u00e4tzen wir einen vertrauten und respektvollen Umgang miteinander.<\/p>\n\n\n\n<p class=\"has-text-align-center\">Wir freuen uns auf Sie!<\/p>\n<\/div><\/div>\n\n\n\n<hr class=\"wp-block-separator has-css-opacity is-style-default\"\/>\n\n\n\n<div class=\"wp-block-group recent-entries-group is-layout-flow wp-block-group-is-layout-flow\"><div class=\"wp-block-group__inner-container\">\n<h2 class=\"wp-block-heading has-text-align-center has-text-color\" style=\"color:#284474\">Aktuelles<\/h2>\n\n\n\r\n\r\n\r\n<ul class=\"custom-recent-posts\">\r\n        \r\n    <li>\r\n        <h3>Urlaubszeiten 2026<\/h3>\r\n        <time>30. M\u00e4rz 2026<\/time>\r\n        \n<p>Sehr geehrte Patienten,<\/p>\n\n\n\n<p>unsere geplanten Urlaubszeiten f\u00fcr den Rest des Jahres lauten wie folgt:<\/p>\n\n\n\n<p><strong>07. bis 10. April<\/strong> 2026<\/p>\n\n\n\n<p><strong>15. Mai <\/strong>2026<\/p>\n\n\n\n<p><strong>06. bis 10. Juli<\/strong> 2026<\/p>\n\n\n\n<p><strong>27. Juli bis 10. August<\/strong> 2026<\/p>\n\n\n\n<p><strong>12. bis 16. Oktober<\/strong> 2026<\/p>\n\n\n\n<p><strong>21. bis 23. Dezember<\/strong> 2026<br><br>Freundliche Gr\u00fc\u00dfe<br>Ihr Praxisteam<\/p>\n    <\/li>\r\n    \r\n    <\/ul>\n\n\n\n<div class=\"wp-block-buttons is-content-justification-center is-layout-flex wp-container-core-buttons-layout-2 wp-block-buttons-is-layout-flex\">\n<div class=\"wp-block-button is-style-fill\"><a class=\"wp-block-button__link wp-element-button\" href=\"https:\/\/hausarzt-hayen.de\/index.php\/aktuelles\/\" style=\"border-radius:0px\">\u00c4ltere Beitr\u00e4ge<\/a><\/div>\n<\/div>\n<\/div><\/div>\n\n\n\n<p><\/p>\n","protected":false},"excerpt":{"rendered":"<p>Online-Rezeption Nutzen Sie unsere Online-Rezeption, um Rezepte oder \u00dcberweisungen zu bestellen. Sie k\u00f6nnen die Online-Rezeption \u00fcber das Men\u00fc unten rechts \u00f6ffnen. Unser Leitbild Mit Herz und Verstand haben wir Freude daran, unseren Patienten gerecht zu werden. Egal ob jung oder alt, gleich welcher Identit\u00e4t oder Herkunft: Ihre Gesundheit steht im Zentrum von unserem Interesse. Als [&hellip;]<\/p>\n","protected":false},"author":1,"featured_media":450,"parent":0,"menu_order":0,"comment_status":"closed","ping_status":"closed","template":"templates\/template-cover.php","meta":{"footnotes":""},"yoast_head":"<!-- This site is optimized with the Yoast SEO plugin v23.5 - https:\/\/yoast.com\/wordpress\/plugins\/seo\/ -->\n<title>Start | Praxis Hayen<\/title>\n<meta name=\"description\" content=\"Praxis Hayen \u2013 Internistische Hausarztpraxis in Bassum | Bernd Hayen, Facharzt f\u00fcr Innere Medizin | Haus\u00e4rztliche Versorgung Bassum | Telefon 04241 9229099\" \/>\n<meta name=\"robots\" content=\"index, follow, max-snippet:-1, max-image-preview:large, max-video-preview:-1\" \/>\n<link rel=\"canonical\" href=\"https:\/\/hausarzt-hayen.de\/\" \/>\n<meta property=\"og:locale\" content=\"de_DE\" \/>\n<meta property=\"og:type\" content=\"article\" \/>\n<meta property=\"og:title\" content=\"Start | Praxis Hayen\" \/>\n<meta property=\"og:description\" content=\"Praxis Hayen \u2013 Internistische Hausarztpraxis in Bassum | Bernd Hayen, Facharzt f\u00fcr Innere Medizin | Haus\u00e4rztliche Versorgung Bassum | Telefon 04241 9229099\" \/>\n<meta property=\"og:url\" content=\"https:\/\/hausarzt-hayen.de\/\" \/>\n<meta property=\"og:site_name\" content=\"Praxis Hayen\" \/>\n<meta property=\"article:modified_time\" content=\"2026-03-30T20:56:32+00:00\" \/>\n<meta property=\"og:image\" content=\"https:\/\/hausarzt-hayen.de\/wp-content\/uploads\/2022\/08\/05-01-praxis-fotos-scaled.jpg\" \/>\n\t<meta property=\"og:image:width\" content=\"2560\" \/>\n\t<meta property=\"og:image:height\" content=\"1707\" \/>\n\t<meta property=\"og:image:type\" content=\"image\/jpeg\" \/>\n<meta name=\"twitter:card\" content=\"summary_large_image\" \/>\n<meta name=\"twitter:label1\" content=\"Gesch\u00e4tzte Lesezeit\" \/>\n\t<meta name=\"twitter:data1\" content=\"1 Minute\" \/>\n<script type=\"application\/ld+json\" class=\"yoast-schema-graph\">{\"@context\":\"https:\/\/schema.org\",\"@graph\":[{\"@type\":\"WebPage\",\"@id\":\"https:\/\/hausarzt-hayen.de\/\",\"url\":\"https:\/\/hausarzt-hayen.de\/\",\"name\":\"Start | Praxis Hayen\",\"isPartOf\":{\"@id\":\"https:\/\/hausarzt-hayen.de\/#website\"},\"primaryImageOfPage\":{\"@id\":\"https:\/\/hausarzt-hayen.de\/#primaryimage\"},\"image\":{\"@id\":\"https:\/\/hausarzt-hayen.de\/#primaryimage\"},\"thumbnailUrl\":\"https:\/\/hausarzt-hayen.de\/wp-content\/uploads\/2022\/08\/05-01-praxis-fotos-scaled.jpg\",\"datePublished\":\"2022-03-22T22:29:46+00:00\",\"dateModified\":\"2026-03-30T20:56:32+00:00\",\"description\":\"Praxis Hayen \u2013 Internistische Hausarztpraxis in Bassum | Bernd Hayen, Facharzt f\u00fcr Innere Medizin | Haus\u00e4rztliche Versorgung Bassum | Telefon 04241 9229099\",\"breadcrumb\":{\"@id\":\"https:\/\/hausarzt-hayen.de\/#breadcrumb\"},\"inLanguage\":\"de-DE\",\"potentialAction\":[{\"@type\":\"ReadAction\",\"target\":[\"https:\/\/hausarzt-hayen.de\/\"]}]},{\"@type\":\"ImageObject\",\"inLanguage\":\"de-DE\",\"@id\":\"https:\/\/hausarzt-hayen.de\/#primaryimage\",\"url\":\"https:\/\/hausarzt-hayen.de\/wp-content\/uploads\/2022\/08\/05-01-praxis-fotos-scaled.jpg\",\"contentUrl\":\"https:\/\/hausarzt-hayen.de\/wp-content\/uploads\/2022\/08\/05-01-praxis-fotos-scaled.jpg\",\"width\":2560,\"height\":1707},{\"@type\":\"BreadcrumbList\",\"@id\":\"https:\/\/hausarzt-hayen.de\/#breadcrumb\",\"itemListElement\":[{\"@type\":\"ListItem\",\"position\":1,\"name\":\"Startseite\",\"item\":\"https:\/\/hausarzt-hayen.de\/\"},{\"@type\":\"ListItem\",\"position\":2,\"name\":\"Start\"}]},{\"@type\":\"WebSite\",\"@id\":\"https:\/\/hausarzt-hayen.de\/#website\",\"url\":\"https:\/\/hausarzt-hayen.de\/\",\"name\":\"Praxis Hayen\",\"description\":\"\",\"publisher\":{\"@id\":\"https:\/\/hausarzt-hayen.de\/#organization\"},\"potentialAction\":[{\"@type\":\"SearchAction\",\"target\":{\"@type\":\"EntryPoint\",\"urlTemplate\":\"https:\/\/hausarzt-hayen.de\/?s={search_term_string}\"},\"query-input\":{\"@type\":\"PropertyValueSpecification\",\"valueRequired\":true,\"valueName\":\"search_term_string\"}}],\"inLanguage\":\"de-DE\"},{\"@type\":\"Organization\",\"@id\":\"https:\/\/hausarzt-hayen.de\/#organization\",\"name\":\"Praxis Hayen\",\"url\":\"https:\/\/hausarzt-hayen.de\/\",\"logo\":{\"@type\":\"ImageObject\",\"inLanguage\":\"de-DE\",\"@id\":\"https:\/\/hausarzt-hayen.de\/#\/schema\/logo\/image\/\",\"url\":\"https:\/\/hausarzt-hayen.de\/wp-content\/uploads\/2022\/04\/Logo-Praxis-Hayen.png\",\"contentUrl\":\"https:\/\/hausarzt-hayen.de\/wp-content\/uploads\/2022\/04\/Logo-Praxis-Hayen.png\",\"width\":3900,\"height\":1250,\"caption\":\"Praxis Hayen\"},\"image\":{\"@id\":\"https:\/\/hausarzt-hayen.de\/#\/schema\/logo\/image\/\"}}]}<\/script>\n<!-- \/ Yoast SEO plugin. -->","yoast_head_json":{"title":"Start | Praxis Hayen","description":"Praxis Hayen \u2013 Internistische Hausarztpraxis in Bassum | Bernd Hayen, Facharzt f\u00fcr Innere Medizin | Haus\u00e4rztliche Versorgung Bassum | Telefon 04241 9229099","robots":{"index":"index","follow":"follow","max-snippet":"max-snippet:-1","max-image-preview":"max-image-preview:large","max-video-preview":"max-video-preview:-1"},"canonical":"https:\/\/hausarzt-hayen.de\/","og_locale":"de_DE","og_type":"article","og_title":"Start | Praxis Hayen","og_description":"Praxis Hayen \u2013 Internistische Hausarztpraxis in Bassum | Bernd Hayen, Facharzt f\u00fcr Innere Medizin | Haus\u00e4rztliche Versorgung Bassum | Telefon 04241 9229099","og_url":"https:\/\/hausarzt-hayen.de\/","og_site_name":"Praxis Hayen","article_modified_time":"2026-03-30T20:56:32+00:00","og_image":[{"width":2560,"height":1707,"url":"https:\/\/hausarzt-hayen.de\/wp-content\/uploads\/2022\/08\/05-01-praxis-fotos-scaled.jpg","type":"image\/jpeg"}],"twitter_card":"summary_large_image","twitter_misc":{"Gesch\u00e4tzte Lesezeit":"1 Minute"},"schema":{"@context":"https:\/\/schema.org","@graph":[{"@type":"WebPage","@id":"https:\/\/hausarzt-hayen.de\/","url":"https:\/\/hausarzt-hayen.de\/","name":"Start | Praxis Hayen","isPartOf":{"@id":"https:\/\/hausarzt-hayen.de\/#website"},"primaryImageOfPage":{"@id":"https:\/\/hausarzt-hayen.de\/#primaryimage"},"image":{"@id":"https:\/\/hausarzt-hayen.de\/#primaryimage"},"thumbnailUrl":"https:\/\/hausarzt-hayen.de\/wp-content\/uploads\/2022\/08\/05-01-praxis-fotos-scaled.jpg","datePublished":"2022-03-22T22:29:46+00:00","dateModified":"2026-03-30T20:56:32+00:00","description":"Praxis Hayen \u2013 Internistische Hausarztpraxis in Bassum | Bernd Hayen, Facharzt f\u00fcr Innere Medizin | Haus\u00e4rztliche Versorgung Bassum | Telefon 04241 9229099","breadcrumb":{"@id":"https:\/\/hausarzt-hayen.de\/#breadcrumb"},"inLanguage":"de-DE","potentialAction":[{"@type":"ReadAction","target":["https:\/\/hausarzt-hayen.de\/"]}]},{"@type":"ImageObject","inLanguage":"de-DE","@id":"https:\/\/hausarzt-hayen.de\/#primaryimage","url":"https:\/\/hausarzt-hayen.de\/wp-content\/uploads\/2022\/08\/05-01-praxis-fotos-scaled.jpg","contentUrl":"https:\/\/hausarzt-hayen.de\/wp-content\/uploads\/2022\/08\/05-01-praxis-fotos-scaled.jpg","width":2560,"height":1707},{"@type":"BreadcrumbList","@id":"https:\/\/hausarzt-hayen.de\/#breadcrumb","itemListElement":[{"@type":"ListItem","position":1,"name":"Startseite","item":"https:\/\/hausarzt-hayen.de\/"},{"@type":"ListItem","position":2,"name":"Start"}]},{"@type":"WebSite","@id":"https:\/\/hausarzt-hayen.de\/#website","url":"https:\/\/hausarzt-hayen.de\/","name":"Praxis Hayen","description":"","publisher":{"@id":"https:\/\/hausarzt-hayen.de\/#organization"},"potentialAction":[{"@type":"SearchAction","target":{"@type":"EntryPoint","urlTemplate":"https:\/\/hausarzt-hayen.de\/?s={search_term_string}"},"query-input":{"@type":"PropertyValueSpecification","valueRequired":true,"valueName":"search_term_string"}}],"inLanguage":"de-DE"},{"@type":"Organization","@id":"https:\/\/hausarzt-hayen.de\/#organization","name":"Praxis Hayen","url":"https:\/\/hausarzt-hayen.de\/","logo":{"@type":"ImageObject","inLanguage":"de-DE","@id":"https:\/\/hausarzt-hayen.de\/#\/schema\/logo\/image\/","url":"https:\/\/hausarzt-hayen.de\/wp-content\/uploads\/2022\/04\/Logo-Praxis-Hayen.png","contentUrl":"https:\/\/hausarzt-hayen.de\/wp-content\/uploads\/2022\/04\/Logo-Praxis-Hayen.png","width":3900,"height":1250,"caption":"Praxis Hayen"},"image":{"@id":"https:\/\/hausarzt-hayen.de\/#\/schema\/logo\/image\/"}}]}},"_links":{"self":[{"href":"https:\/\/hausarzt-hayen.de\/index.php\/wp-json\/wp\/v2\/pages\/8"}],"collection":[{"href":"https:\/\/hausarzt-hayen.de\/index.php\/wp-json\/wp\/v2\/pages"}],"about":[{"href":"https:\/\/hausarzt-hayen.de\/index.php\/wp-json\/wp\/v2\/types\/page"}],"author":[{"embeddable":true,"href":"https:\/\/hausarzt-hayen.de\/index.php\/wp-json\/wp\/v2\/users\/1"}],"replies":[{"embeddable":true,"href":"https:\/\/hausarzt-hayen.de\/index.php\/wp-json\/wp\/v2\/comments?post=8"}],"version-history":[{"count":84,"href":"https:\/\/hausarzt-hayen.de\/index.php\/wp-json\/wp\/v2\/pages\/8\/revisions"}],"predecessor-version":[{"id":605,"href":"https:\/\/hausarzt-hayen.de\/index.php\/wp-json\/wp\/v2\/pages\/8\/revisions\/605"}],"wp:featuredmedia":[{"embeddable":true,"href":"https:\/\/hausarzt-hayen.de\/index.php\/wp-json\/wp\/v2\/media\/450"}],"wp:attachment":[{"href":"https:\/\/hausarzt-hayen.de\/index.php\/wp-json\/wp\/v2\/media?parent=8"}],"curies":[{"name":"wp","href":"https:\/\/api.w.org\/{rel}","templated":true}]}}